{"id":171,"date":"2017-11-12T13:20:34","date_gmt":"2017-11-12T13:20:34","guid":{"rendered":"http:\/\/wordpress.ferienhaus-venus.de\/?page_id=171"},"modified":"2017-12-11T12:14:22","modified_gmt":"2017-12-11T12:14:22","slug":"preise-und-buchung","status":"publish","type":"page","link":"https:\/\/www.das-ferienhaus-in-der-eifel.com\/en\/preise-und-buchung\/","title":{"rendered":"Prices and booking"},"content":{"rendered":"<h2>Prices<\/h2>\n<p>In the summer half-year (15.04.-15.10.) Per night <strong>55 \u20ac for 2 persons including the additional costs<\/strong> (Electricity, water, heating, cleaning utensil, final cleaning), <strong>each additional person 5 \u20ac<\/strong>.<br \/>\nIn the winter half-year (16.10. &#8211; 14.04) fall in addition a flat rate of 10 \u20ac heating cost per night.<\/p>\n<h3>Our introductory offer:<\/h3>\n<p>350 \u20ac for 2 persons for 7 nights\u00a0incl. additional costs in the summer half-year.<br \/>\n400 \u20ac for 2 persons for 7 nights\u00a0incl. additional costs in the winter half-year.<\/p>\n<p>For bookings under 3 nights we must charge a surcharge of 10 \u20ac per person.<\/p>\n<p><strong>On request:<\/strong> bed linen, tea towels and towels 7 \u20ac per person per stay (beds are made upon arrival)<\/p>\n<p><strong>Deposit:<\/strong> 100.- \u20ac<\/p>\n<p>There is no additional tourist tax.<\/p>\n<p>&nbsp;<\/p>\n<h2><strong>Calendar of availability<\/strong><\/h2>\n<p><a href=\"http:\/\/web4.deskline.net\/nordeifel\/en\/accommodation\/detail\/RPT\/c3f0f5e0-ff49-4774-ac41-d878eaefdeaf\/ferienhaus_venus\" target=\"_blank\" rel=\"noopener\">Here<\/a> you can see our\u00a0Calendar of availability.<\/p>\n<p>&nbsp;<\/p>\n<h2>Booking request:<\/h2>\n\n<div class=\"wpcf7 no-js\" id=\"wpcf7-f205-o1\" lang=\"de-DE\" dir=\"ltr\" data-wpcf7-id=\"205\">\n<div class=\"screen-reader-response\"><p role=\"status\" aria-live=\"polite\" aria-atomic=\"true\"><\/p> <ul><\/ul><\/div>\n<form action=\"\/en\/wp-json\/wp\/v2\/pages\/171#wpcf7-f205-o1\" method=\"post\" class=\"wpcf7-form init\" aria-label=\"Kontaktformular\" novalidate=\"novalidate\" data-status=\"init\">\n<div style=\"display: none;\">\n<input type=\"hidden\" name=\"_wpcf7\" value=\"205\" \/>\n<input type=\"hidden\" name=\"_wpcf7_version\" value=\"6.0.3\" \/>\n<input type=\"hidden\" name=\"_wpcf7_locale\" value=\"de_DE\" \/>\n<input type=\"hidden\" name=\"_wpcf7_unit_tag\" value=\"wpcf7-f205-o1\" \/>\n<input type=\"hidden\" name=\"_wpcf7_container_post\" value=\"0\" \/>\n<input type=\"hidden\" name=\"_wpcf7_posted_data_hash\" value=\"\" \/>\n<\/div>\n<p><label> First name<br \/>\n<span class=\"wpcf7-form-control-wrap\" data-name=\"vorname\"><input size=\"40\" maxlength=\"400\" class=\"wpcf7-form-control wpcf7-text\" aria-invalid=\"false\" value=\"\" type=\"text\" name=\"vorname\" \/><\/span> <\/label>\n<\/p>\n<p><label> Surname (Required)<br \/>\n<span class=\"wpcf7-form-control-wrap\" data-name=\"your-name\"><input size=\"40\" maxlength=\"400\" class=\"wpcf7-form-control wpcf7-text wpcf7-validates-as-required\" aria-required=\"true\" aria-invalid=\"false\" value=\"\" type=\"text\" name=\"your-name\" \/><\/span> <\/label>\n<\/p>\n<p><label> Phone<br \/>\n<span class=\"wpcf7-form-control-wrap\" data-name=\"telefon\"><input size=\"40\" maxlength=\"400\" class=\"wpcf7-form-control wpcf7-text\" aria-invalid=\"false\" value=\"\" type=\"text\" name=\"telefon\" \/><\/span> <\/label>\n<\/p>\n<p><label> E-mail address (Required)<br \/>\n<span class=\"wpcf7-form-control-wrap\" data-name=\"your-email\"><input size=\"40\" maxlength=\"400\" class=\"wpcf7-form-control wpcf7-email wpcf7-validates-as-required wpcf7-text wpcf7-validates-as-email\" aria-required=\"true\" aria-invalid=\"false\" value=\"\" type=\"email\" name=\"your-email\" \/><\/span> <\/label>\n<\/p>\n<p><label> Street<br \/>\n<span class=\"wpcf7-form-control-wrap\" data-name=\"strasse\"><input size=\"40\" maxlength=\"400\" class=\"wpcf7-form-control wpcf7-text\" aria-invalid=\"false\" value=\"\" type=\"text\" name=\"strasse\" \/><\/span> <\/label>\n<\/p>\n<p><label> House number<br \/>\n<span class=\"wpcf7-form-control-wrap\" data-name=\"hausnummer\"><input size=\"40\" maxlength=\"400\" class=\"wpcf7-form-control wpcf7-text\" aria-invalid=\"false\" value=\"\" type=\"text\" name=\"hausnummer\" \/><\/span> <\/label>\n<\/p>\n<p><label> Post Code<br \/>\n<span class=\"wpcf7-form-control-wrap\" data-name=\"plz\"><input size=\"40\" maxlength=\"400\" class=\"wpcf7-form-control wpcf7-text\" aria-invalid=\"false\" value=\"\" type=\"text\" name=\"plz\" \/><\/span> <\/label>\n<\/p>\n<p><label> City<br \/>\n<span class=\"wpcf7-form-control-wrap\" data-name=\"ort\"><input size=\"40\" maxlength=\"400\" class=\"wpcf7-form-control wpcf7-text\" aria-invalid=\"false\" value=\"\" type=\"text\" name=\"ort\" \/><\/span> <\/label>\n<\/p>\n<p><b>Booking request period:<\/b>\n<\/p>\n<p><label> arrival date (Required)<br \/>\n<span class=\"wpcf7-form-control-wrap\" data-name=\"anreisedatum\"><input size=\"40\" maxlength=\"400\" class=\"wpcf7-form-control wpcf7-text wpcf7-validates-as-required\" aria-required=\"true\" aria-invalid=\"false\" value=\"\" type=\"text\" name=\"anreisedatum\" \/><\/span> <\/label>\n<\/p>\n<p><label> departure date (Required)<br \/>\n<span class=\"wpcf7-form-control-wrap\" data-name=\"abreisedatum\"><input size=\"40\" maxlength=\"400\" class=\"wpcf7-form-control wpcf7-text wpcf7-validates-as-required\" aria-required=\"true\" aria-invalid=\"false\" value=\"\" type=\"text\" name=\"abreisedatum\" \/><\/span> <\/label>\n<\/p>\n<p><label> Number of Persons (Required)<br \/>\n<span class=\"wpcf7-form-control-wrap\" data-name=\"personenzahl\"><input size=\"40\" maxlength=\"400\" class=\"wpcf7-form-control wpcf7-text wpcf7-validates-as-required\" aria-required=\"true\" aria-invalid=\"false\" value=\"\" type=\"text\" name=\"personenzahl\" \/><\/span> <\/label>\n<\/p>\n<p><b>Antispam measure<\/b><br \/>\nBefore sending the contact form please Enter<br \/>\nthe letter and number combination in the text field.<br \/>\n<input type=\"hidden\" name=\"_wpcf7_captcha_challenge_captcha-98\" value=\"500972714\" \/><img loading=\"lazy\" decoding=\"async\" class=\"wpcf7-form-control wpcf7-captchac wpcf7-captcha-captcha-98\" width=\"72\" height=\"24\" alt=\"captcha\" src=\"https:\/\/www.das-ferienhaus-in-der-eifel.com\/wp-content\/uploads\/wpcf7_captcha\/500972714.png\" \/><br \/>\n<span class=\"wpcf7-form-control-wrap\" data-name=\"captcha-98\"><input size=\"40\" class=\"wpcf7-form-control wpcf7-captchar\" autocomplete=\"off\" aria-invalid=\"false\" value=\"\" type=\"text\" name=\"captcha-98\" \/><\/span><br \/>\n<a target=\"_blank\" href=\"https:\/\/www.das-ferienhaus-in-der-eifel.com\/en\/datenschutz\/\"><br \/>\nRead privacy policy.<\/a>\n<\/p>\n<p><span class=\"wpcf7-form-control-wrap\" data-name=\"checkbox-790\"><span class=\"wpcf7-form-control wpcf7-checkbox wpcf7-validates-as-required\"><span class=\"wpcf7-list-item first last\"><input type=\"checkbox\" name=\"checkbox-790[]\" value=\"I have read the privacy policies and I agree (Required, please tick off).\" \/><span class=\"wpcf7-list-item-label\">I have read the privacy policies and I agree (Required, please tick off).<\/span><\/span><\/span><\/span>\n<\/p>\n<p><input class=\"wpcf7-form-control wpcf7-submit has-spinner\" type=\"submit\" value=\"Send\" \/>\n<\/p>\n<p>By submitting the booking request, you agree that your data will be used to process your request (for more information and revocation instructions, see the <a target=\"_blank\" href=\"https:\/\/www.das-ferienhaus-in-der-eifel.com\/en\/datenschutz\/\">privacy policies<\/a>).\n<\/p>\n<p>If you have any difficulties completing the form, please send us your request<br \/>\nby email: <a href=\"mailto:vitaforst@gmx.de\">vitaforst@gmx.de<\/a>. Many Thanks!\n<\/p><div class=\"wpcf7-response-output\" aria-hidden=\"true\"><\/div>\n<\/form>\n<\/div>\n\n<p>&nbsp;<\/p>\n","protected":false},"excerpt":{"rendered":"<p>Prices In the summer half-year (15.04.-15.10.) Per night 55 \u20ac for 2 persons including the additional costs (Electricity, water, heating, cleaning utensil, final cleaning), each additional person 5 \u20ac. In the winter half-year (16.10. &#8211; 14.04) fall in addition a flat rate of 10 \u20ac heating cost per night. Our introductory offer: 350 \u20ac for &#8230; <a title=\"Prices and booking\" class=\"read-more\" href=\"https:\/\/www.das-ferienhaus-in-der-eifel.com\/en\/preise-und-buchung\/\" aria-label=\"Read more about Prices and booking\">Weiterlesen &#8230;<\/a><\/p>\n","protected":false},"author":1,"featured_media":0,"parent":0,"menu_order":0,"comment_status":"closed","ping_status":"closed","template":"","meta":{"generate_page_header":"","footnotes":""},"class_list":["post-171","page","type-page","status-publish"],"translation":{"provider":"WPGlobus","version":"3.0.0","language":"en","enabled_languages":["de","en","nl"],"languages":{"de":{"title":true,"content":true,"excerpt":false},"en":{"title":true,"content":true,"excerpt":false},"nl":{"title":true,"content":true,"excerpt":false}}},"yoast_head":"<!-- This site is optimized with the Yoast SEO plugin v24.2 - https:\/\/yoast.com\/wordpress\/plugins\/seo\/ -->\n<title>Prices and booking - The holiday home in the Eifel | Effelsberg<\/title>\n<meta name=\"description\" content=\"Find out about our prices, get access to the availability calendar and send us a booking request.\" \/>\n<meta name=\"robots\" content=\"index, follow, max-snippet:-1, max-image-preview:large, max-video-preview:-1\" \/>\n<link rel=\"canonical\" href=\"https:\/\/www.das-ferienhaus-in-der-eifel.com\/preise-und-buchung\/\" \/>\n<meta property=\"og:locale\" content=\"en_US\" \/>\n<meta property=\"og:type\" content=\"article\" \/>\n<meta property=\"og:title\" content=\"Prices and booking - The holiday home in the Eifel | Effelsberg\" \/>\n<meta property=\"og:description\" content=\"Find out about our prices, get access to the availability calendar and send us a booking request.\" \/>\n<meta property=\"og:url\" content=\"https:\/\/www.das-ferienhaus-in-der-eifel.com\/preise-und-buchung\/\" \/>\n<meta property=\"og:site_name\" content=\"Das Ferienhaus in der Eifel\" \/>\n<meta property=\"article:modified_time\" content=\"2017-12-11T12:14:22+00:00\" \/>\n<meta name=\"twitter:card\" content=\"summary_large_image\" \/>\n<meta name=\"twitter:label1\" content=\"Est. reading time\" \/>\n\t<meta name=\"twitter:data1\" content=\"2 minutes\" \/>\n<script type=\"application\/ld+json\" class=\"yoast-schema-graph\">{\"@context\":\"https:\/\/schema.org\",\"@graph\":[{\"@type\":\"WebPage\",\"@id\":\"https:\/\/www.das-ferienhaus-in-der-eifel.com\/preise-und-buchung\/\",\"url\":\"https:\/\/www.das-ferienhaus-in-der-eifel.com\/preise-und-buchung\/\",\"name\":\"Preise und Buchung - Das Ferienhaus in der Eifel | Effelsberg\",\"isPartOf\":{\"@id\":\"https:\/\/www.das-ferienhaus-in-der-eifel.com\/#website\"},\"datePublished\":\"2017-11-12T13:20:34+00:00\",\"dateModified\":\"2017-12-11T12:14:22+00:00\",\"description\":\"Informieren Sie sich hier \u00fcber unsere Preise, Sie erhalten Zugriff zum Verf\u00fcgbarkeitskalender und k\u00f6nnen uns eine Buchungsanfrage senden.\",\"breadcrumb\":{\"@id\":\"https:\/\/www.das-ferienhaus-in-der-eifel.com\/preise-und-buchung\/#breadcrumb\"},\"inLanguage\":\"en-US\",\"potentialAction\":[{\"@type\":\"ReadAction\",\"target\":[\"https:\/\/www.das-ferienhaus-in-der-eifel.com\/preise-und-buchung\/\"]}]},{\"@type\":\"BreadcrumbList\",\"@id\":\"https:\/\/www.das-ferienhaus-in-der-eifel.com\/preise-und-buchung\/#breadcrumb\",\"itemListElement\":[{\"@type\":\"ListItem\",\"position\":1,\"name\":\"Startseite\",\"item\":\"https:\/\/www.das-ferienhaus-in-der-eifel.com\/\"},{\"@type\":\"ListItem\",\"position\":2,\"name\":\"Preise und Buchung\"}]},{\"@type\":\"WebSite\",\"@id\":\"https:\/\/www.das-ferienhaus-in-der-eifel.com\/#website\",\"url\":\"https:\/\/www.das-ferienhaus-in-der-eifel.com\/\",\"name\":\"Das Ferienhaus in der Eifel\",\"description\":\"\",\"publisher\":{\"@id\":\"https:\/\/www.das-ferienhaus-in-der-eifel.com\/#organization\"},\"potentialAction\":[{\"@type\":\"SearchAction\",\"target\":{\"@type\":\"EntryPoint\",\"urlTemplate\":\"https:\/\/www.das-ferienhaus-in-der-eifel.com\/?s={search_term_string}\"},\"query-input\":{\"@type\":\"PropertyValueSpecification\",\"valueRequired\":true,\"valueName\":\"search_term_string\"}}],\"inLanguage\":\"en-US\"},{\"@type\":\"Organization\",\"@id\":\"https:\/\/www.das-ferienhaus-in-der-eifel.com\/#organization\",\"name\":\"Das Ferienhaus in der Eifel\",\"url\":\"https:\/\/www.das-ferienhaus-in-der-eifel.com\/\",\"logo\":{\"@type\":\"ImageObject\",\"inLanguage\":\"en-US\",\"@id\":\"https:\/\/www.das-ferienhaus-in-der-eifel.com\/#\/schema\/logo\/image\/\",\"url\":\"https:\/\/www.das-ferienhaus-in-der-eifel.com\/wp-content\/uploads\/2017\/11\/cropped-das-ferienhaus-in-der-eifel-logo-150pxh-v4.jpg\",\"contentUrl\":\"https:\/\/www.das-ferienhaus-in-der-eifel.com\/wp-content\/uploads\/2017\/11\/cropped-das-ferienhaus-in-der-eifel-logo-150pxh-v4.jpg\",\"width\":831,\"height\":150,\"caption\":\"Das Ferienhaus in der Eifel\"},\"image\":{\"@id\":\"https:\/\/www.das-ferienhaus-in-der-eifel.com\/#\/schema\/logo\/image\/\"}}]}<\/script>\n<!-- \/ Yoast SEO plugin. -->","yoast_head_json":{"title":"Prices and booking - The holiday home in the Eifel | Effelsberg","description":"Find out about our prices, get access to the availability calendar and send us a booking request.","robots":{"index":"index","follow":"follow","max-snippet":"max-snippet:-1","max-image-preview":"max-image-preview:large","max-video-preview":"max-video-preview:-1"},"canonical":"https:\/\/www.das-ferienhaus-in-der-eifel.com\/preise-und-buchung\/","og_locale":"en_US","og_type":"article","og_title":"Prices and booking - The holiday home in the Eifel | Effelsberg","og_description":"Find out about our prices, get access to the availability calendar and send us a booking request.","og_url":"https:\/\/www.das-ferienhaus-in-der-eifel.com\/preise-und-buchung\/","og_site_name":"Das Ferienhaus in der Eifel","article_modified_time":"2017-12-11T12:14:22+00:00","twitter_card":"summary_large_image","twitter_misc":{"Est. reading time":"2 minutes"},"schema":{"@context":"https:\/\/schema.org","@graph":[{"@type":"WebPage","@id":"https:\/\/www.das-ferienhaus-in-der-eifel.com\/preise-und-buchung\/","url":"https:\/\/www.das-ferienhaus-in-der-eifel.com\/preise-und-buchung\/","name":"Preise und Buchung - Das Ferienhaus in der Eifel | Effelsberg","isPartOf":{"@id":"https:\/\/www.das-ferienhaus-in-der-eifel.com\/#website"},"datePublished":"2017-11-12T13:20:34+00:00","dateModified":"2017-12-11T12:14:22+00:00","description":"Informieren Sie sich hier \u00fcber unsere Preise, Sie erhalten Zugriff zum Verf\u00fcgbarkeitskalender und k\u00f6nnen uns eine Buchungsanfrage senden.","breadcrumb":{"@id":"https:\/\/www.das-ferienhaus-in-der-eifel.com\/preise-und-buchung\/#breadcrumb"},"inLanguage":"en-US","potentialAction":[{"@type":"ReadAction","target":["https:\/\/www.das-ferienhaus-in-der-eifel.com\/preise-und-buchung\/"]}]},{"@type":"BreadcrumbList","@id":"https:\/\/www.das-ferienhaus-in-der-eifel.com\/preise-und-buchung\/#breadcrumb","itemListElement":[{"@type":"ListItem","position":1,"name":"Startseite","item":"https:\/\/www.das-ferienhaus-in-der-eifel.com\/"},{"@type":"ListItem","position":2,"name":"Preise und Buchung"}]},{"@type":"WebSite","@id":"https:\/\/www.das-ferienhaus-in-der-eifel.com\/#website","url":"https:\/\/www.das-ferienhaus-in-der-eifel.com\/","name":"Das Ferienhaus in der Eifel","description":"","publisher":{"@id":"https:\/\/www.das-ferienhaus-in-der-eifel.com\/#organization"},"potentialAction":[{"@type":"SearchAction","target":{"@type":"EntryPoint","urlTemplate":"https:\/\/www.das-ferienhaus-in-der-eifel.com\/?s={search_term_string}"},"query-input":{"@type":"PropertyValueSpecification","valueRequired":true,"valueName":"search_term_string"}}],"inLanguage":"en-US"},{"@type":"Organization","@id":"https:\/\/www.das-ferienhaus-in-der-eifel.com\/#organization","name":"Das Ferienhaus in der Eifel","url":"https:\/\/www.das-ferienhaus-in-der-eifel.com\/","logo":{"@type":"ImageObject","inLanguage":"en-US","@id":"https:\/\/www.das-ferienhaus-in-der-eifel.com\/#\/schema\/logo\/image\/","url":"https:\/\/www.das-ferienhaus-in-der-eifel.com\/wp-content\/uploads\/2017\/11\/cropped-das-ferienhaus-in-der-eifel-logo-150pxh-v4.jpg","contentUrl":"https:\/\/www.das-ferienhaus-in-der-eifel.com\/wp-content\/uploads\/2017\/11\/cropped-das-ferienhaus-in-der-eifel-logo-150pxh-v4.jpg","width":831,"height":150,"caption":"Das Ferienhaus in der Eifel"},"image":{"@id":"https:\/\/www.das-ferienhaus-in-der-eifel.com\/#\/schema\/logo\/image\/"}}]}},"_links":{"self":[{"href":"https:\/\/www.das-ferienhaus-in-der-eifel.com\/en\/wp-json\/wp\/v2\/pages\/171","targetHints":{"allow":["GET"]}}],"collection":[{"href":"https:\/\/www.das-ferienhaus-in-der-eifel.com\/en\/wp-json\/wp\/v2\/pages"}],"about":[{"href":"https:\/\/www.das-ferienhaus-in-der-eifel.com\/en\/wp-json\/wp\/v2\/types\/page"}],"author":[{"embeddable":true,"href":"https:\/\/www.das-ferienhaus-in-der-eifel.com\/en\/wp-json\/wp\/v2\/users\/1"}],"replies":[{"embeddable":true,"href":"https:\/\/www.das-ferienhaus-in-der-eifel.com\/en\/wp-json\/wp\/v2\/comments?post=171"}],"version-history":[{"count":27,"href":"https:\/\/www.das-ferienhaus-in-der-eifel.com\/en\/wp-json\/wp\/v2\/pages\/171\/revisions"}],"predecessor-version":[{"id":465,"href":"https:\/\/www.das-ferienhaus-in-der-eifel.com\/en\/wp-json\/wp\/v2\/pages\/171\/revisions\/465"}],"wp:attachment":[{"href":"https:\/\/www.das-ferienhaus-in-der-eifel.com\/en\/wp-json\/wp\/v2\/media?parent=171"}],"curies":[{"name":"wp","href":"https:\/\/api.w.org\/{rel}","templated":true}]}}