{"id":171,"date":"2017-11-12T13:20:34","date_gmt":"2017-11-12T13:20:34","guid":{"rendered":"http:\/\/wordpress.ferienhaus-venus.de\/?page_id=171"},"modified":"2017-12-11T12:14:22","modified_gmt":"2017-12-11T12:14:22","slug":"preise-und-buchung","status":"publish","type":"page","link":"https:\/\/www.das-ferienhaus-in-der-eifel.com\/nl\/preise-und-buchung\/","title":{"rendered":"Prijzen en boeking"},"content":{"rendered":"<h2>Prijzen<\/h2>\n<p>In het zomerhalfjaar (15.04.-15.10.) per nacht <strong>55 \u20ac voor 2 personen inclusief de bijkomende kosten\u00a0<\/strong> (Elektriciteit, water, verwarming, schoonmaakgerei, eindschoonmaak),<strong> elke extra persoon 5 \u20ac<\/strong>.<br \/>\nIn het winterhalfjaar (16.10 &#8211; 14.04) komen een extra stookkosten van \u20ac 10 per nacht bij.<\/p>\n<h3>Onze introductieaanbieding:<\/h3>\n<p>350 \u20ac voor 2 personen voor 7 nachten inclusief bijkomende kosten in de zomerhalfjaar.<br \/>\n400 \u20ac voor 2 personen voor 7 nachten inclusief bijkomende kosten\u00a0in de wintermaanden.<\/p>\n<p>Voor boekingen van minder dan 3 nachten moeten we een toeslag van 10 \u20ac per persoon in rekening brengen.<\/p>\n<p><strong>Op verzoek:<\/strong> bedlinnen, theedoeken en handdoeken 7 \u20ac per persoon per verblijf (bedden zijn opgemaakt bij aankomst)<\/p>\n<p><strong>Borg:<\/strong> 100, &#8211; \u20ac<\/p>\n<p>Er is geen extra toeristenbelasting.<\/p>\n<p>&nbsp;<\/p>\n<h2>Beschikbaarheidskalender<\/h2>\n<p><a href=\"http:\/\/web4.deskline.net\/nordeifel\/nl\/accommodation\/detail\/RPT\/c3f0f5e0-ff49-4774-ac41-d878eaefdeaf\/ferienhaus_venus\" target=\"_blank\" rel=\"noopener\">Hier<\/a> kunt u onze beschikbaarheidskalender bekijken.<\/p>\n<p>&nbsp;<\/p>\n<h2>Boekingsaanvraag<\/h2>\n\n<div class=\"wpcf7 no-js\" id=\"wpcf7-f207-o1\" lang=\"de-DE\" dir=\"ltr\" data-wpcf7-id=\"207\">\n<div class=\"screen-reader-response\"><p role=\"status\" aria-live=\"polite\" aria-atomic=\"true\"><\/p> <ul><\/ul><\/div>\n<form action=\"\/nl\/wp-json\/wp\/v2\/pages\/171#wpcf7-f207-o1\" method=\"post\" class=\"wpcf7-form init\" aria-label=\"Kontaktformular\" novalidate=\"novalidate\" data-status=\"init\">\n<div style=\"display: none;\">\n<input type=\"hidden\" name=\"_wpcf7\" value=\"207\" \/>\n<input type=\"hidden\" name=\"_wpcf7_version\" value=\"6.0.3\" \/>\n<input type=\"hidden\" name=\"_wpcf7_locale\" value=\"de_DE\" \/>\n<input type=\"hidden\" name=\"_wpcf7_unit_tag\" value=\"wpcf7-f207-o1\" \/>\n<input type=\"hidden\" name=\"_wpcf7_container_post\" value=\"0\" \/>\n<input type=\"hidden\" name=\"_wpcf7_posted_data_hash\" value=\"\" \/>\n<\/div>\n<p><label> Voornaam<br \/>\n<span class=\"wpcf7-form-control-wrap\" data-name=\"vorname\"><input size=\"40\" maxlength=\"400\" class=\"wpcf7-form-control wpcf7-text\" aria-invalid=\"false\" value=\"\" type=\"text\" name=\"vorname\" \/><\/span> <\/label>\n<\/p>\n<p><label> Achternaam (Verplicht veld)<br \/>\n<span class=\"wpcf7-form-control-wrap\" data-name=\"your-name\"><input size=\"40\" maxlength=\"400\" class=\"wpcf7-form-control wpcf7-text wpcf7-validates-as-required\" aria-required=\"true\" aria-invalid=\"false\" value=\"\" type=\"text\" name=\"your-name\" \/><\/span> <\/label>\n<\/p>\n<p><label> Telefoon<br \/>\n<span class=\"wpcf7-form-control-wrap\" data-name=\"telefon\"><input size=\"40\" maxlength=\"400\" class=\"wpcf7-form-control wpcf7-text\" aria-invalid=\"false\" value=\"\" type=\"text\" name=\"telefon\" \/><\/span> <\/label>\n<\/p>\n<p><label> E-mailadres (Verplicht veld)<br \/>\n<span class=\"wpcf7-form-control-wrap\" data-name=\"your-email\"><input size=\"40\" maxlength=\"400\" class=\"wpcf7-form-control wpcf7-email wpcf7-validates-as-required wpcf7-text wpcf7-validates-as-email\" aria-required=\"true\" aria-invalid=\"false\" value=\"\" type=\"email\" name=\"your-email\" \/><\/span> <\/label>\n<\/p>\n<p><label> Straat<br \/>\n<span class=\"wpcf7-form-control-wrap\" data-name=\"strasse\"><input size=\"40\" maxlength=\"400\" class=\"wpcf7-form-control wpcf7-text\" aria-invalid=\"false\" value=\"\" type=\"text\" name=\"strasse\" \/><\/span> <\/label>\n<\/p>\n<p><label> huisnummers<br \/>\n<span class=\"wpcf7-form-control-wrap\" data-name=\"hausnummer\"><input size=\"40\" maxlength=\"400\" class=\"wpcf7-form-control wpcf7-text\" aria-invalid=\"false\" value=\"\" type=\"text\" name=\"hausnummer\" \/><\/span> <\/label>\n<\/p>\n<p><label> Postcode<br \/>\n<span class=\"wpcf7-form-control-wrap\" data-name=\"plz\"><input size=\"40\" maxlength=\"400\" class=\"wpcf7-form-control wpcf7-text\" aria-invalid=\"false\" value=\"\" type=\"text\" name=\"plz\" \/><\/span> <\/label>\n<\/p>\n<p><label> Stad<br \/>\n<span class=\"wpcf7-form-control-wrap\" data-name=\"ort\"><input size=\"40\" maxlength=\"400\" class=\"wpcf7-form-control wpcf7-text\" aria-invalid=\"false\" value=\"\" type=\"text\" name=\"ort\" \/><\/span> <\/label>\n<\/p>\n<p><b>Boekingsverzoekperiode:<\/b>\n<\/p>\n<p><label> aankomstdatum (Verplicht veld)<br \/>\n<span class=\"wpcf7-form-control-wrap\" data-name=\"anreisedatum\"><input size=\"40\" maxlength=\"400\" class=\"wpcf7-form-control wpcf7-text wpcf7-validates-as-required\" aria-required=\"true\" aria-invalid=\"false\" value=\"\" type=\"text\" name=\"anreisedatum\" \/><\/span> <\/label>\n<\/p>\n<p><label> vertrekdatum (Verplicht veld)<br \/>\n<span class=\"wpcf7-form-control-wrap\" data-name=\"abreisedatum\"><input size=\"40\" maxlength=\"400\" class=\"wpcf7-form-control wpcf7-text wpcf7-validates-as-required\" aria-required=\"true\" aria-invalid=\"false\" value=\"\" type=\"text\" name=\"abreisedatum\" \/><\/span> <\/label>\n<\/p>\n<p><label> Aantal personen (Verplicht veld)<br \/>\n<span class=\"wpcf7-form-control-wrap\" data-name=\"personenzahl\"><input size=\"40\" maxlength=\"400\" class=\"wpcf7-form-control wpcf7-text wpcf7-validates-as-required\" aria-required=\"true\" aria-invalid=\"false\" value=\"\" type=\"text\" name=\"personenzahl\" \/><\/span> <\/label>\n<\/p>\n<p><b>Antispammaatregel<\/b><br \/>\nAlvorens het contactformulier te verzenden, gelieve het<br \/>\nVoer de combinatie letters en cijfers in het tekstveld in.<br \/>\n<input type=\"hidden\" name=\"_wpcf7_captcha_challenge_captcha-98\" value=\"2369849869\" \/><img loading=\"lazy\" decoding=\"async\" class=\"wpcf7-form-control wpcf7-captchac wpcf7-captcha-captcha-98\" width=\"72\" height=\"24\" alt=\"captcha\" src=\"https:\/\/www.das-ferienhaus-in-der-eifel.com\/wp-content\/uploads\/wpcf7_captcha\/2369849869.png\" \/><br \/>\n<span class=\"wpcf7-form-control-wrap\" data-name=\"captcha-98\"><input size=\"40\" class=\"wpcf7-form-control wpcf7-captchar\" autocomplete=\"off\" aria-invalid=\"false\" value=\"\" type=\"text\" name=\"captcha-98\" \/><\/span><br \/>\n<a target=\"_blank\" href=\"https:\/\/www.das-ferienhaus-in-der-eifel.com\/nl\/datenschutz\/\"><br \/>\nLees het privacybeleid.<\/a>\n<\/p>\n<p><span class=\"wpcf7-form-control-wrap\" data-name=\"checkbox-790\"><span class=\"wpcf7-form-control wpcf7-checkbox wpcf7-validates-as-required\"><span class=\"wpcf7-list-item first last\"><input type=\"checkbox\" name=\"checkbox-790[]\" value=\"Ik heb het Privacybeleid gelezen en ga ermee akkoord (Verplicht veld, gelieve af te vinken).\" \/><span class=\"wpcf7-list-item-label\">Ik heb het Privacybeleid gelezen en ga ermee akkoord (Verplicht veld, gelieve af te vinken).<\/span><\/span><\/span><\/span>\n<\/p>\n<p><input class=\"wpcf7-form-control wpcf7-submit has-spinner\" type=\"submit\" value=\"Send\" \/>\n<\/p>\n<p>Door het indienen van de boekingsaanvraag gaat u ermee akkoord dat uw gegevens worden gebruikt om uw aanvraag te verwerken (voor meer informatie en intrekkingsinstructies, zie de <a target=\"_blank\" href=\"https:\/\/www.das-ferienhaus-in-der-eifel.com\/nl\/datenschutz\/\">Privacybeleid<\/a>).\n<\/p>\n<p>Als u problemen ondervindt bij het invullen van het formulier, stuurt u ons uw verzoek<br \/>\nper e-mail: <a href=\"mailto:vitaforst@gmx.de\">vitaforst@gmx.de<\/a>. Bedankt!\n<\/p><div class=\"wpcf7-response-output\" aria-hidden=\"true\"><\/div>\n<\/form>\n<\/div>\n\n<p>&nbsp;<\/p>\n","protected":false},"excerpt":{"rendered":"<p>Prijzen In het zomerhalfjaar (15.04.-15.10.) per nacht 55 \u20ac voor 2 personen inclusief de bijkomende kosten\u00a0 (Elektriciteit, water, verwarming, schoonmaakgerei, eindschoonmaak), elke extra persoon 5 \u20ac. In het winterhalfjaar (16.10 &#8211; 14.04) komen een extra stookkosten van \u20ac 10 per nacht bij. Onze introductieaanbieding: 350 \u20ac voor 2 personen voor 7 nachten inclusief bijkomende kosten &#8230; <a title=\"Prijzen en boeking\" class=\"read-more\" href=\"https:\/\/www.das-ferienhaus-in-der-eifel.com\/nl\/preise-und-buchung\/\" aria-label=\"Lees meer over Prijzen en boeking\">Weiterlesen &#8230;<\/a><\/p>\n","protected":false},"author":1,"featured_media":0,"parent":0,"menu_order":0,"comment_status":"closed","ping_status":"closed","template":"","meta":{"generate_page_header":"","footnotes":""},"class_list":["post-171","page","type-page","status-publish"],"translation":{"provider":"WPGlobus","version":"3.0.0","language":"nl","enabled_languages":["de","en","nl"],"languages":{"de":{"title":true,"content":true,"excerpt":false},"en":{"title":true,"content":true,"excerpt":false},"nl":{"title":true,"content":true,"excerpt":false}}},"yoast_head":"<!-- This site is optimized with the Yoast SEO plugin v24.2 - https:\/\/yoast.com\/wordpress\/plugins\/seo\/ -->\n<title>Prijzen en reservering - Het vakantiehuis in de Eifel | Effelsberg<\/title>\n<meta name=\"description\" content=\"Lees meer over onze prijzen, krijg toegang tot de beschikbaarheidskalender en stuur ons een boekingsverzoek.\" \/>\n<meta name=\"robots\" content=\"index, follow, max-snippet:-1, max-image-preview:large, max-video-preview:-1\" \/>\n<link rel=\"canonical\" href=\"https:\/\/www.das-ferienhaus-in-der-eifel.com\/preise-und-buchung\/\" \/>\n<meta property=\"og:locale\" content=\"nl_NL\" \/>\n<meta property=\"og:type\" content=\"article\" \/>\n<meta property=\"og:title\" content=\"Prijzen en reservering - Het vakantiehuis in de Eifel | Effelsberg\" \/>\n<meta property=\"og:description\" content=\"Lees meer over onze prijzen, krijg toegang tot de beschikbaarheidskalender en stuur ons een boekingsverzoek.\" \/>\n<meta property=\"og:url\" content=\"https:\/\/www.das-ferienhaus-in-der-eifel.com\/preise-und-buchung\/\" \/>\n<meta property=\"og:site_name\" content=\"Das Ferienhaus in der Eifel\" \/>\n<meta property=\"article:modified_time\" content=\"2017-12-11T12:14:22+00:00\" \/>\n<meta name=\"twitter:card\" content=\"summary_large_image\" \/>\n<meta name=\"twitter:label1\" content=\"Geschatte leestijd\" \/>\n\t<meta name=\"twitter:data1\" content=\"2 minuten\" \/>\n<script type=\"application\/ld+json\" class=\"yoast-schema-graph\">{\"@context\":\"https:\/\/schema.org\",\"@graph\":[{\"@type\":\"WebPage\",\"@id\":\"https:\/\/www.das-ferienhaus-in-der-eifel.com\/preise-und-buchung\/\",\"url\":\"https:\/\/www.das-ferienhaus-in-der-eifel.com\/preise-und-buchung\/\",\"name\":\"Preise und Buchung - Das Ferienhaus in der Eifel | Effelsberg\",\"isPartOf\":{\"@id\":\"https:\/\/www.das-ferienhaus-in-der-eifel.com\/#website\"},\"datePublished\":\"2017-11-12T13:20:34+00:00\",\"dateModified\":\"2017-12-11T12:14:22+00:00\",\"description\":\"Informieren Sie sich hier \u00fcber unsere Preise, Sie erhalten Zugriff zum Verf\u00fcgbarkeitskalender und k\u00f6nnen uns eine Buchungsanfrage senden.\",\"breadcrumb\":{\"@id\":\"https:\/\/www.das-ferienhaus-in-der-eifel.com\/preise-und-buchung\/#breadcrumb\"},\"inLanguage\":\"nl-NL\",\"potentialAction\":[{\"@type\":\"ReadAction\",\"target\":[\"https:\/\/www.das-ferienhaus-in-der-eifel.com\/preise-und-buchung\/\"]}]},{\"@type\":\"BreadcrumbList\",\"@id\":\"https:\/\/www.das-ferienhaus-in-der-eifel.com\/preise-und-buchung\/#breadcrumb\",\"itemListElement\":[{\"@type\":\"ListItem\",\"position\":1,\"name\":\"Startseite\",\"item\":\"https:\/\/www.das-ferienhaus-in-der-eifel.com\/\"},{\"@type\":\"ListItem\",\"position\":2,\"name\":\"Preise und Buchung\"}]},{\"@type\":\"WebSite\",\"@id\":\"https:\/\/www.das-ferienhaus-in-der-eifel.com\/#website\",\"url\":\"https:\/\/www.das-ferienhaus-in-der-eifel.com\/\",\"name\":\"Das Ferienhaus in der Eifel\",\"description\":\"\",\"publisher\":{\"@id\":\"https:\/\/www.das-ferienhaus-in-der-eifel.com\/#organization\"},\"potentialAction\":[{\"@type\":\"SearchAction\",\"target\":{\"@type\":\"EntryPoint\",\"urlTemplate\":\"https:\/\/www.das-ferienhaus-in-der-eifel.com\/?s={search_term_string}\"},\"query-input\":{\"@type\":\"PropertyValueSpecification\",\"valueRequired\":true,\"valueName\":\"search_term_string\"}}],\"inLanguage\":\"nl-NL\"},{\"@type\":\"Organization\",\"@id\":\"https:\/\/www.das-ferienhaus-in-der-eifel.com\/#organization\",\"name\":\"Das Ferienhaus in der Eifel\",\"url\":\"https:\/\/www.das-ferienhaus-in-der-eifel.com\/\",\"logo\":{\"@type\":\"ImageObject\",\"inLanguage\":\"nl-NL\",\"@id\":\"https:\/\/www.das-ferienhaus-in-der-eifel.com\/#\/schema\/logo\/image\/\",\"url\":\"https:\/\/www.das-ferienhaus-in-der-eifel.com\/wp-content\/uploads\/2017\/11\/cropped-das-ferienhaus-in-der-eifel-logo-150pxh-v4.jpg\",\"contentUrl\":\"https:\/\/www.das-ferienhaus-in-der-eifel.com\/wp-content\/uploads\/2017\/11\/cropped-das-ferienhaus-in-der-eifel-logo-150pxh-v4.jpg\",\"width\":831,\"height\":150,\"caption\":\"Das Ferienhaus in der Eifel\"},\"image\":{\"@id\":\"https:\/\/www.das-ferienhaus-in-der-eifel.com\/#\/schema\/logo\/image\/\"}}]}<\/script>\n<!-- \/ Yoast SEO plugin. -->","yoast_head_json":{"title":"Prijzen en reservering - Het vakantiehuis in de Eifel | Effelsberg","description":"Lees meer over onze prijzen, krijg toegang tot de beschikbaarheidskalender en stuur ons een boekingsverzoek.","robots":{"index":"index","follow":"follow","max-snippet":"max-snippet:-1","max-image-preview":"max-image-preview:large","max-video-preview":"max-video-preview:-1"},"canonical":"https:\/\/www.das-ferienhaus-in-der-eifel.com\/preise-und-buchung\/","og_locale":"nl_NL","og_type":"article","og_title":"Prijzen en reservering - Het vakantiehuis in de Eifel | Effelsberg","og_description":"Lees meer over onze prijzen, krijg toegang tot de beschikbaarheidskalender en stuur ons een boekingsverzoek.","og_url":"https:\/\/www.das-ferienhaus-in-der-eifel.com\/preise-und-buchung\/","og_site_name":"Das Ferienhaus in der Eifel","article_modified_time":"2017-12-11T12:14:22+00:00","twitter_card":"summary_large_image","twitter_misc":{"Geschatte leestijd":"2 minuten"},"schema":{"@context":"https:\/\/schema.org","@graph":[{"@type":"WebPage","@id":"https:\/\/www.das-ferienhaus-in-der-eifel.com\/preise-und-buchung\/","url":"https:\/\/www.das-ferienhaus-in-der-eifel.com\/preise-und-buchung\/","name":"Preise und Buchung - Das Ferienhaus in der Eifel | Effelsberg","isPartOf":{"@id":"https:\/\/www.das-ferienhaus-in-der-eifel.com\/#website"},"datePublished":"2017-11-12T13:20:34+00:00","dateModified":"2017-12-11T12:14:22+00:00","description":"Informieren Sie sich hier \u00fcber unsere Preise, Sie erhalten Zugriff zum Verf\u00fcgbarkeitskalender und k\u00f6nnen uns eine Buchungsanfrage senden.","breadcrumb":{"@id":"https:\/\/www.das-ferienhaus-in-der-eifel.com\/preise-und-buchung\/#breadcrumb"},"inLanguage":"nl-NL","potentialAction":[{"@type":"ReadAction","target":["https:\/\/www.das-ferienhaus-in-der-eifel.com\/preise-und-buchung\/"]}]},{"@type":"BreadcrumbList","@id":"https:\/\/www.das-ferienhaus-in-der-eifel.com\/preise-und-buchung\/#breadcrumb","itemListElement":[{"@type":"ListItem","position":1,"name":"Startseite","item":"https:\/\/www.das-ferienhaus-in-der-eifel.com\/"},{"@type":"ListItem","position":2,"name":"Preise und Buchung"}]},{"@type":"WebSite","@id":"https:\/\/www.das-ferienhaus-in-der-eifel.com\/#website","url":"https:\/\/www.das-ferienhaus-in-der-eifel.com\/","name":"Das Ferienhaus in der Eifel","description":"","publisher":{"@id":"https:\/\/www.das-ferienhaus-in-der-eifel.com\/#organization"},"potentialAction":[{"@type":"SearchAction","target":{"@type":"EntryPoint","urlTemplate":"https:\/\/www.das-ferienhaus-in-der-eifel.com\/?s={search_term_string}"},"query-input":{"@type":"PropertyValueSpecification","valueRequired":true,"valueName":"search_term_string"}}],"inLanguage":"nl-NL"},{"@type":"Organization","@id":"https:\/\/www.das-ferienhaus-in-der-eifel.com\/#organization","name":"Das Ferienhaus in der Eifel","url":"https:\/\/www.das-ferienhaus-in-der-eifel.com\/","logo":{"@type":"ImageObject","inLanguage":"nl-NL","@id":"https:\/\/www.das-ferienhaus-in-der-eifel.com\/#\/schema\/logo\/image\/","url":"https:\/\/www.das-ferienhaus-in-der-eifel.com\/wp-content\/uploads\/2017\/11\/cropped-das-ferienhaus-in-der-eifel-logo-150pxh-v4.jpg","contentUrl":"https:\/\/www.das-ferienhaus-in-der-eifel.com\/wp-content\/uploads\/2017\/11\/cropped-das-ferienhaus-in-der-eifel-logo-150pxh-v4.jpg","width":831,"height":150,"caption":"Das Ferienhaus in der Eifel"},"image":{"@id":"https:\/\/www.das-ferienhaus-in-der-eifel.com\/#\/schema\/logo\/image\/"}}]}},"_links":{"self":[{"href":"https:\/\/www.das-ferienhaus-in-der-eifel.com\/nl\/wp-json\/wp\/v2\/pages\/171","targetHints":{"allow":["GET"]}}],"collection":[{"href":"https:\/\/www.das-ferienhaus-in-der-eifel.com\/nl\/wp-json\/wp\/v2\/pages"}],"about":[{"href":"https:\/\/www.das-ferienhaus-in-der-eifel.com\/nl\/wp-json\/wp\/v2\/types\/page"}],"author":[{"embeddable":true,"href":"https:\/\/www.das-ferienhaus-in-der-eifel.com\/nl\/wp-json\/wp\/v2\/users\/1"}],"replies":[{"embeddable":true,"href":"https:\/\/www.das-ferienhaus-in-der-eifel.com\/nl\/wp-json\/wp\/v2\/comments?post=171"}],"version-history":[{"count":27,"href":"https:\/\/www.das-ferienhaus-in-der-eifel.com\/nl\/wp-json\/wp\/v2\/pages\/171\/revisions"}],"predecessor-version":[{"id":465,"href":"https:\/\/www.das-ferienhaus-in-der-eifel.com\/nl\/wp-json\/wp\/v2\/pages\/171\/revisions\/465"}],"wp:attachment":[{"href":"https:\/\/www.das-ferienhaus-in-der-eifel.com\/nl\/wp-json\/wp\/v2\/media?parent=171"}],"curies":[{"name":"wp","href":"https:\/\/api.w.org\/{rel}","templated":true}]}}